{"id":908,"date":"2018-05-30T14:28:11","date_gmt":"2018-05-30T12:28:11","guid":{"rendered":"http:\/\/phototigui.com\/?page_id=908"},"modified":"2018-12-17T17:01:03","modified_gmt":"2018-12-17T16:01:03","slug":"photographe-professionnel-senegal-dakar","status":"publish","type":"page","link":"https:\/\/www.phototigui.com\/en\/photographe-professionnel-senegal-dakar\/","title":{"rendered":"photographe professionnel dakar"},"content":{"rendered":"<h1 style=\"text-align: center;\"><span style=\"color: #00ccff;\">Professionnel photographie portrait au senegal<\/span><\/h1>\n<p style=\"text-align: center;\">Faire la photo de portrait me disait mon p\u00e8re, c&#8217;est comme faire la cuisine, c\u2019est pas tr\u00e8s compliqu\u00e9, mais si on se trompe d\u2019ingr\u00e9dient, on risque de tout foutre en l&#8217;air. Je vous laisse d\u00e9guster&nbsp; quelques un de mes portraits. Bon app\u00e9tit.<\/p>\n<p>&nbsp;<\/p>\n<p>[ngg src=&#8221;galleries&#8221; ids=&#8221;11&#8243; display=&#8221;basic_thumbnail&#8221;]<\/p>\n<p>&nbsp;<\/p>\n","protected":false},"excerpt":{"rendered":"<div class=\"slide-text-bg2\">\n<h3>Professionnel photographie portrait au senegal Faire la photo de portrait me disait mon p\u00e8re, c&#8217;est comme faire la cuisine, c\u2019est<\/h3>\n<\/div>\n<div class=\"flex-btn-div\"><a href=\"https:\/\/www.phototigui.com\/en\/photographe-professionnel-senegal-dakar\/\" class=\"btn1 flex-btn\">Read More<\/a><\/div>\n","protected":false},"author":3,"featured_media":0,"parent":0,"menu_order":0,"comment_status":"closed","ping_status":"closed","template":"","meta":{"om_disable_all_campaigns":false,"_exactmetrics_skip_tracking":false,"_exactmetrics_sitenote_active":false,"_exactmetrics_sitenote_note":"","_exactmetrics_sitenote_category":0,"_monsterinsights_skip_tracking":false,"_monsterinsights_sitenote_active":false,"_monsterinsights_sitenote_note":"","_monsterinsights_sitenote_category":0,"_uf_show_specific_survey":0,"_uf_disable_surveys":false,"_vp_format_video_url":"","_vp_image_focal_point":[],"footnotes":""},"class_list":["post-908","page","type-page","status-publish","hentry"],"yoast_head":"<!-- This site is optimized with the Yoast SEO plugin v27.5 - https:\/\/yoast.com\/product\/yoast-seo-wordpress\/ -->\n<title>Photographe professionnel S\u00e9n\u00e9gal<\/title>\n<meta name=\"description\" content=\"Faire la photo de portrait me disait mon parrain, est comme la cuisine, c\u2019est pas tr\u00e8s compliqu\u00e9, mais si on se trompe d\u2019ingr\u00e9dient, tout est foir\u00e9. Je vous laisse d\u00e9guster mes portraits. Bon app\u00e9tit.\" \/>\n<meta name=\"robots\" content=\"index, follow, max-snippet:-1, max-image-preview:large, max-video-preview:-1\" \/>\n<link rel=\"canonical\" href=\"https:\/\/www.phototigui.com\/en\/photographe-professionnel-senegal-dakar\/\" \/>\n<meta property=\"og:locale\" content=\"en_US\" \/>\n<meta property=\"og:locale:alternate\" content=\"fr_FR\" \/>\n<meta property=\"og:type\" content=\"article\" \/>\n<meta property=\"og:title\" content=\"Photographe professionnel S\u00e9n\u00e9gal\" \/>\n<meta property=\"og:description\" content=\"Faire la photo de portrait me disait mon parrain, est comme la cuisine, c\u2019est pas tr\u00e8s compliqu\u00e9, mais si on se trompe d\u2019ingr\u00e9dient, tout est foir\u00e9. Je vous laisse d\u00e9guster mes portraits. Bon app\u00e9tit.\" \/>\n<meta property=\"og:url\" content=\"https:\/\/www.phototigui.com\/en\/photographe-professionnel-senegal-dakar\/\" \/>\n<meta property=\"og:site_name\" content=\"Photographe Senegal\" \/>\n<meta property=\"article:publisher\" content=\"https:\/\/www.facebook.com\/phototigui\" \/>\n<meta property=\"article:modified_time\" content=\"2018-12-17T16:01:03+00:00\" \/>\n<meta name=\"twitter:card\" content=\"summary_large_image\" \/>\n<script type=\"application\/ld+json\" class=\"yoast-schema-graph\">{\"@context\":\"https:\\\/\\\/schema.org\",\"@graph\":[{\"@type\":\"WebPage\",\"@id\":\"https:\\\/\\\/www.phototigui.com\\\/photographe-professionnel-senegal-dakar\\\/\",\"url\":\"https:\\\/\\\/www.phototigui.com\\\/photographe-professionnel-senegal-dakar\\\/\",\"name\":\"Photographe professionnel S\u00e9n\u00e9gal\",\"isPartOf\":{\"@id\":\"https:\\\/\\\/www.phototigui.com\\\/#website\"},\"datePublished\":\"2018-05-30T12:28:11+00:00\",\"dateModified\":\"2018-12-17T16:01:03+00:00\",\"description\":\"Faire la photo de portrait me disait mon parrain, est comme la cuisine, c\u2019est pas tr\u00e8s compliqu\u00e9, mais si on se trompe d\u2019ingr\u00e9dient, tout est foir\u00e9. Je vous laisse d\u00e9guster mes portraits. Bon app\u00e9tit.\",\"breadcrumb\":{\"@id\":\"https:\\\/\\\/www.phototigui.com\\\/photographe-professionnel-senegal-dakar\\\/#breadcrumb\"},\"inLanguage\":\"en-US\",\"potentialAction\":[{\"@type\":\"ReadAction\",\"target\":[\"https:\\\/\\\/www.phototigui.com\\\/photographe-professionnel-senegal-dakar\\\/\"]}]},{\"@type\":\"BreadcrumbList\",\"@id\":\"https:\\\/\\\/www.phototigui.com\\\/photographe-professionnel-senegal-dakar\\\/#breadcrumb\",\"itemListElement\":[{\"@type\":\"ListItem\",\"position\":1,\"name\":\"Accueil\",\"item\":\"https:\\\/\\\/www.phototigui.com\\\/\"},{\"@type\":\"ListItem\",\"position\":2,\"name\":\"photographe professionnel dakar\"}]},{\"@type\":\"WebSite\",\"@id\":\"https:\\\/\\\/www.phototigui.com\\\/#website\",\"url\":\"https:\\\/\\\/www.phototigui.com\\\/\",\"name\":\"Photographe Senegal\",\"description\":\"Leader de la photographie professionnelle au Senegal\",\"publisher\":{\"@id\":\"https:\\\/\\\/www.phototigui.com\\\/#organization\"},\"potentialAction\":[{\"@type\":\"SearchAction\",\"target\":{\"@type\":\"EntryPoint\",\"urlTemplate\":\"https:\\\/\\\/www.phototigui.com\\\/?s={search_term_string}\"},\"query-input\":{\"@type\":\"PropertyValueSpecification\",\"valueRequired\":true,\"valueName\":\"search_term_string\"}}],\"inLanguage\":\"en-US\"},{\"@type\":\"Organization\",\"@id\":\"https:\\\/\\\/www.phototigui.com\\\/#organization\",\"name\":\"phototigui\",\"url\":\"https:\\\/\\\/www.phototigui.com\\\/\",\"logo\":{\"@type\":\"ImageObject\",\"inLanguage\":\"en-US\",\"@id\":\"https:\\\/\\\/www.phototigui.com\\\/#\\\/schema\\\/logo\\\/image\\\/\",\"url\":\"https:\\\/\\\/www.phototigui.com\\\/wp-content\\\/uploads\\\/2025\\\/11\\\/cropped-phototigui_logo_Narvik_Brun-Sorrell.png\",\"contentUrl\":\"https:\\\/\\\/www.phototigui.com\\\/wp-content\\\/uploads\\\/2025\\\/11\\\/cropped-phototigui_logo_Narvik_Brun-Sorrell.png\",\"width\":821,\"height\":305,\"caption\":\"phototigui\"},\"image\":{\"@id\":\"https:\\\/\\\/www.phototigui.com\\\/#\\\/schema\\\/logo\\\/image\\\/\"},\"sameAs\":[\"https:\\\/\\\/www.facebook.com\\\/phototigui\",\"https:\\\/\\\/www.instagram.com\\\/phototigui\\\/\"]}]}<\/script>\n<!-- \/ Yoast SEO plugin. -->","yoast_head_json":{"title":"Photographe professionnel S\u00e9n\u00e9gal","description":"Faire la photo de portrait me disait mon parrain, est comme la cuisine, c\u2019est pas tr\u00e8s compliqu\u00e9, mais si on se trompe d\u2019ingr\u00e9dient, tout est foir\u00e9. Je vous laisse d\u00e9guster mes portraits. Bon app\u00e9tit.","robots":{"index":"index","follow":"follow","max-snippet":"max-snippet:-1","max-image-preview":"max-image-preview:large","max-video-preview":"max-video-preview:-1"},"canonical":"https:\/\/www.phototigui.com\/en\/photographe-professionnel-senegal-dakar\/","og_locale":"en_US","og_type":"article","og_title":"Photographe professionnel S\u00e9n\u00e9gal","og_description":"Faire la photo de portrait me disait mon parrain, est comme la cuisine, c\u2019est pas tr\u00e8s compliqu\u00e9, mais si on se trompe d\u2019ingr\u00e9dient, tout est foir\u00e9. Je vous laisse d\u00e9guster mes portraits. Bon app\u00e9tit.","og_url":"https:\/\/www.phototigui.com\/en\/photographe-professionnel-senegal-dakar\/","og_site_name":"Photographe Senegal","article_publisher":"https:\/\/www.facebook.com\/phototigui","article_modified_time":"2018-12-17T16:01:03+00:00","twitter_card":"summary_large_image","schema":{"@context":"https:\/\/schema.org","@graph":[{"@type":"WebPage","@id":"https:\/\/www.phototigui.com\/photographe-professionnel-senegal-dakar\/","url":"https:\/\/www.phototigui.com\/photographe-professionnel-senegal-dakar\/","name":"Photographe professionnel S\u00e9n\u00e9gal","isPartOf":{"@id":"https:\/\/www.phototigui.com\/#website"},"datePublished":"2018-05-30T12:28:11+00:00","dateModified":"2018-12-17T16:01:03+00:00","description":"Faire la photo de portrait me disait mon parrain, est comme la cuisine, c\u2019est pas tr\u00e8s compliqu\u00e9, mais si on se trompe d\u2019ingr\u00e9dient, tout est foir\u00e9. Je vous laisse d\u00e9guster mes portraits. Bon app\u00e9tit.","breadcrumb":{"@id":"https:\/\/www.phototigui.com\/photographe-professionnel-senegal-dakar\/#breadcrumb"},"inLanguage":"en-US","potentialAction":[{"@type":"ReadAction","target":["https:\/\/www.phototigui.com\/photographe-professionnel-senegal-dakar\/"]}]},{"@type":"BreadcrumbList","@id":"https:\/\/www.phototigui.com\/photographe-professionnel-senegal-dakar\/#breadcrumb","itemListElement":[{"@type":"ListItem","position":1,"name":"Accueil","item":"https:\/\/www.phototigui.com\/"},{"@type":"ListItem","position":2,"name":"photographe professionnel dakar"}]},{"@type":"WebSite","@id":"https:\/\/www.phototigui.com\/#website","url":"https:\/\/www.phototigui.com\/","name":"Photographe Senegal","description":"Leader de la photographie professionnelle au Senegal","publisher":{"@id":"https:\/\/www.phototigui.com\/#organization"},"potentialAction":[{"@type":"SearchAction","target":{"@type":"EntryPoint","urlTemplate":"https:\/\/www.phototigui.com\/?s={search_term_string}"},"query-input":{"@type":"PropertyValueSpecification","valueRequired":true,"valueName":"search_term_string"}}],"inLanguage":"en-US"},{"@type":"Organization","@id":"https:\/\/www.phototigui.com\/#organization","name":"phototigui","url":"https:\/\/www.phototigui.com\/","logo":{"@type":"ImageObject","inLanguage":"en-US","@id":"https:\/\/www.phototigui.com\/#\/schema\/logo\/image\/","url":"https:\/\/www.phototigui.com\/wp-content\/uploads\/2025\/11\/cropped-phototigui_logo_Narvik_Brun-Sorrell.png","contentUrl":"https:\/\/www.phototigui.com\/wp-content\/uploads\/2025\/11\/cropped-phototigui_logo_Narvik_Brun-Sorrell.png","width":821,"height":305,"caption":"phototigui"},"image":{"@id":"https:\/\/www.phototigui.com\/#\/schema\/logo\/image\/"},"sameAs":["https:\/\/www.facebook.com\/phototigui","https:\/\/www.instagram.com\/phototigui\/"]}]}},"jetpack_sharing_enabled":false,"jetpack_shortlink":"https:\/\/wp.me\/Pa3WJh-eE","_links":{"self":[{"href":"https:\/\/www.phototigui.com\/en\/wp-json\/wp\/v2\/pages\/908","targetHints":{"allow":["GET"]}}],"collection":[{"href":"https:\/\/www.phototigui.com\/en\/wp-json\/wp\/v2\/pages"}],"about":[{"href":"https:\/\/www.phototigui.com\/en\/wp-json\/wp\/v2\/types\/page"}],"author":[{"embeddable":true,"href":"https:\/\/www.phototigui.com\/en\/wp-json\/wp\/v2\/users\/3"}],"replies":[{"embeddable":true,"href":"https:\/\/www.phototigui.com\/en\/wp-json\/wp\/v2\/comments?post=908"}],"version-history":[{"count":15,"href":"https:\/\/www.phototigui.com\/en\/wp-json\/wp\/v2\/pages\/908\/revisions"}],"predecessor-version":[{"id":2055,"href":"https:\/\/www.phototigui.com\/en\/wp-json\/wp\/v2\/pages\/908\/revisions\/2055"}],"wp:attachment":[{"href":"https:\/\/www.phototigui.com\/en\/wp-json\/wp\/v2\/media?parent=908"}],"curies":[{"name":"wp","href":"https:\/\/api.w.org\/{rel}","templated":true}]}}